{"id":2976,"date":"2024-03-01T10:42:22","date_gmt":"2024-03-01T09:42:22","guid":{"rendered":"https:\/\/www.petitsanimauxvaud.ch\/?page_id=2976"},"modified":"2024-03-01T11:03:37","modified_gmt":"2024-03-01T10:03:37","slug":"pigeons","status":"publish","type":"page","link":"https:\/\/www.petitsanimauxvaud.ch\/?page_id=2976","title":{"rendered":"Pigeons"},"content":{"rendered":"\n<div class=\"wp-block-cover has-parallax\"><span aria-hidden=\"true\" class=\"wp-block-cover__background has-background-dim\"><\/span><div role=\"img\" class=\"wp-block-cover__image-background wp-image-2980 has-parallax\" style=\"background-position:50% 50%;background-image:url(https:\/\/www.petitsanimauxvaud.ch\/wp-content\/uploads\/2024\/03\/pigeon-banniere-page-pav.jpg)\"><\/div><div class=\"wp-block-cover__inner-container is-layout-constrained wp-block-cover-is-layout-constrained\">\n<p class=\"has-text-align-center has-large-font-size\"><\/p>\n<\/div><\/div>\n\n\n\n<h2 class=\"wp-block-heading\">Formations diverses<\/h2>\n\n\n\n<p>Actuellement aucun cours en terre vaudoise<\/p>\n\n\n\n<div style=\"height:100px\" aria-hidden=\"true\" class=\"wp-block-spacer\"><\/div>\n\n\n\n<h2 class=\"wp-block-heading\">Actualit\u00e9<\/h2>\n\n\n\n<p>Retrouvez toutes les actualit\u00e9s sur site de Petits Animaux Suisse section pigeon en cliquant sur le lien ci-dessous!<\/p>\n\n\n\n<div class=\"wp-block-buttons is-content-justification-center is-layout-flex wp-container-core-buttons-layout-1 wp-block-buttons-is-layout-flex\">\n<div class=\"wp-block-button has-custom-width wp-block-button__width-50 is-style-outline\"><a class=\"wp-block-button__link wp-element-button\">Pigeons de race Suisse<\/a><\/div>\n<\/div>\n\n\n\n<div style=\"height:100px\" aria-hidden=\"true\" class=\"wp-block-spacer\"><\/div>\n\n\n\n<h2 class=\"wp-block-heading\">Dates \u00e0 retenir<\/h2>\n\n\n\n<p>25 au 27 octobre 2024 : Exposition cantonale neuch\u00e2teloise au Ponts-de-Martel<\/p>\n\n\n\n<p>23 et 24 novembre 2024 : Exposition cantonale vaudoise \u00e0 Chavornay<\/p>\n\n\n\n<p>4 et 5 janvier 2025 : Exposition nationale \u00e0 Sursee<\/p>\n\n\n\n<div style=\"height:100px\" aria-hidden=\"true\" class=\"wp-block-spacer\"><\/div>\n\n\n\n<h2 class=\"wp-block-heading\">Normes de d\u00e9tention<\/h2>\n\n\n\n<figure class=\"wp-block-image size-full\"><img loading=\"lazy\" decoding=\"async\" width=\"921\" height=\"387\" src=\"https:\/\/www.petitsanimauxvaud.ch\/wp-content\/uploads\/2024\/03\/Capture-decran-2024-03-01-105946.png\" alt=\"\" class=\"wp-image-2995\" srcset=\"https:\/\/www.petitsanimauxvaud.ch\/wp-content\/uploads\/2024\/03\/Capture-decran-2024-03-01-105946.png 921w, https:\/\/www.petitsanimauxvaud.ch\/wp-content\/uploads\/2024\/03\/Capture-decran-2024-03-01-105946-300x126.png 300w, https:\/\/www.petitsanimauxvaud.ch\/wp-content\/uploads\/2024\/03\/Capture-decran-2024-03-01-105946-768x323.png 768w\" sizes=\"(max-width: 921px) 100vw, 921px\" \/><\/figure>\n\n\n\n<div style=\"height:100px\" aria-hidden=\"true\" class=\"wp-block-spacer\"><\/div>\n\n\n\n<h2 class=\"wp-block-heading\">PDF \u00e0 t\u00e9l\u00e9charger<\/h2>\n\n\n\n<p>Aide-m\u00e9moire sur l&rsquo;\u00e9levage de pigeons <a href=\"https:\/\/www.petitsanimauxvaud.ch\/telechargement\/Aide-memoire-pigeons.pdf\" data-type=\"link\" data-id=\"https:\/\/www.petitsanimauxvaud.ch\/telechargement\/Aide-memoire-pigeons.pdf\">t\u00e9l\u00e9charger<\/a><\/p>\n\n\n\n<p>Dimensions l\u00e9gales <a href=\"https:\/\/www.petitsanimauxvaud.ch\/telechargement\/Dimensions_legales_pigeons.pdf\" data-type=\"link\" data-id=\"https:\/\/www.petitsanimauxvaud.ch\/telechargement\/Dimensions_legales_pigeons.pdf\">t\u00e9l\u00e9charger<\/a><\/p>\n","protected":false},"excerpt":{"rendered":"<p>Formations diverses Actuellement aucun cours en terre vaudoise Actualit\u00e9 Retrouvez toutes les actualit\u00e9s sur site de Petits Animaux Suisse section pigeon en cliquant sur le lien ci-dessous! Dates \u00e0 retenir 25 au 27 octobre 2024 : Exposition cantonale neuch\u00e2teloise au Ponts-de-Martel 23 et 24 novembre 2024 : Exposition cantonale vaudoise \u00e0 Chavornay 4 et 5 [&hellip;]<\/p>\n","protected":false},"author":1,"featured_media":0,"parent":0,"menu_order":0,"comment_status":"closed","ping_status":"closed","template":"page-without-sidebar.php","meta":{"footnotes":""},"_links":{"self":[{"href":"https:\/\/www.petitsanimauxvaud.ch\/index.php?rest_route=\/wp\/v2\/pages\/2976"}],"collection":[{"href":"https:\/\/www.petitsanimauxvaud.ch\/index.php?rest_route=\/wp\/v2\/pages"}],"about":[{"href":"https:\/\/www.petitsanimauxvaud.ch\/index.php?rest_route=\/wp\/v2\/types\/page"}],"author":[{"embeddable":true,"href":"https:\/\/www.petitsanimauxvaud.ch\/index.php?rest_route=\/wp\/v2\/users\/1"}],"replies":[{"embeddable":true,"href":"https:\/\/www.petitsanimauxvaud.ch\/index.php?rest_route=%2Fwp%2Fv2%2Fcomments&post=2976"}],"version-history":[{"count":9,"href":"https:\/\/www.petitsanimauxvaud.ch\/index.php?rest_route=\/wp\/v2\/pages\/2976\/revisions"}],"predecessor-version":[{"id":2997,"href":"https:\/\/www.petitsanimauxvaud.ch\/index.php?rest_route=\/wp\/v2\/pages\/2976\/revisions\/2997"}],"wp:attachment":[{"href":"https:\/\/www.petitsanimauxvaud.ch\/index.php?rest_route=%2Fwp%2Fv2%2Fmedia&parent=2976"}],"curies":[{"name":"wp","href":"https:\/\/api.w.org\/{rel}","templated":true}]}}